{"id":7,"date":"2012-05-02T08:19:42","date_gmt":"2012-05-02T07:19:42","guid":{"rendered":"http:\/\/fileserver.local\/jbo-ahaus.de\/?page_id=4"},"modified":"2025-02-16T17:16:39","modified_gmt":"2025-02-16T16:16:39","slug":"uber-uns","status":"publish","type":"page","link":"https:\/\/www.musikverein-ahaus.de\/de_de\/uber-uns\/","title":{"rendered":"\u00dcber uns"},"content":{"rendered":"<p>Am 2. September 1975 wagten zwei Lehrer der damaligen Gemeinschaftshauptschule Ahaus den Schritt, ein Schulorchester zu gr\u00fcnden. Da man im kommenden Jahr bereits am Rosenmontagsumzug in W\u00fcllen teilnehmen wollte, machte der damalige Rektor der Gemeinschaftshauptschule, Karl Fischer, den Vorschlag, aus dem Schulorchester einen eingetragenen Verein zu machen. Die Gr\u00fcndungsversammlung fand am 29.01.1976 in der Gastst\u00e4tte Burbaum statt. Zu dieser Versammlung erschienen ca. 60 Eltern der Jungbl\u00e4ser, die den ersten Vorstand w\u00e4hlten. Zu diesem Zeitpunkt war das Orchester bereits von 35 auf 70 Musiker angewachsen.<\/p>\n<div id=\"attachment_217\" style=\"width: 240px\" class=\"wp-caption alignleft\"><a href=\"http:\/\/musikverein-ahaus.de\/wp-content\/uploads\/2012\/05\/Bild1-1975.jpg\"><img loading=\"lazy\" decoding=\"async\" aria-describedby=\"caption-attachment-217\" class=\"size-gallery-thumb wp-image-217\" title=\"Die ersten Bl\u00e4ser 1975 unter Leitung von Jochen Rendler\" src=\"http:\/\/musikverein-ahaus.de\/wp-content\/uploads\/2012\/05\/Bild1-1975-230x173.jpg\" alt=\"Die ersten Bl\u00e4ser 1975 unter Leitung von Jochen Rendler\" width=\"230\" height=\"173\" \/><\/a><p id=\"caption-attachment-217\" class=\"wp-caption-text\">Die ersten Bl\u00e4ser 1975 unter Leitung von Jochen Rendler<\/p><\/div>\n<div id=\"attachment_228\" style=\"width: 240px\" class=\"wp-caption alignleft\"><a href=\"http:\/\/musikverein-ahaus.de\/wp-content\/uploads\/2012\/05\/Vorstand1975.jpg\"><img loading=\"lazy\" decoding=\"async\" aria-describedby=\"caption-attachment-228\" class=\"size-gallery-thumb wp-image-228\" title=\"Der erste gew\u00e4hlte Vorstand 1976\" src=\"http:\/\/musikverein-ahaus.de\/wp-content\/uploads\/2012\/05\/Vorstand1975-230x173.jpg\" alt=\"Der erste gew\u00e4hlte Vorstand 1976\" width=\"230\" height=\"173\" \/><\/a><p id=\"caption-attachment-228\" class=\"wp-caption-text\">Der erste gew\u00e4hlte Vorstand 1976<\/p><\/div>\n<p>Zum ersten engeren Vorstand geh\u00f6rten Jochen Rendler (1. musikalischer Leiter), Eddy Kleideiter (2. musikalischer Leiter), Martin Blommel (1. Vorsitzender), Heinz Wensing (2. Vorsitzender), Theo Barenbr\u00fcgge (Kassierer) und Hubert Kortenjan (Gesch\u00e4ftsf\u00fchrer)<\/p>\n<p>Das wichtigste Ziel des Jugendblasorchesters war es von Anfang an, Jugendliche mit der Blasmusik sinnvoll zu besch\u00e4ftigen. Durch Differenzierungen in Leistungsgruppen und durch sehr viele Probestunden wurden rasche Fortschritte gemacht und die ersten Auftritte lie\u00dfen nicht lange auf sich warten.<br \/>\nGerade im Anfang fehlte es nat\u00fcrlich an allem. Die ersten Noten mussten selber geschrieben werden und die Eltern mussten die Instrumente der Kinder selber bezahlen. Eine Uniform gab es noch nicht.<br \/>\nDer Gemeinschaftssinn und die Gruppenzugeh\u00f6rigkeit wurden von Anfang an durch j\u00e4hrliche Sommerfeste, Ferienfreizeiten (Nieheim) usw. sehr stark gepflegt. Au\u00dferdem motivierten h\u00e4ufige Konzerte (z.B. Fr\u00fchlings- und Weihnachtskonzerte) die Jugendlichen immer wieder neue St\u00fccke intensiv zu proben.<br \/>\nSehr bald kam das Orchester aus den Stadtgrenzen von Ahaus heraus und erhielt gute Kritiken in ungez\u00e4hlten St\u00e4dten in Nordrhein-Westfalen und in den Niederlanden.<br \/>\nIm August 1977 wurde dem Jugendblasorchester ein Akkordeonkreis angegliedert, den Jochen Rendler von Engelbert Rawe \u00fcbernommen hatte. Zu dieser Zeit trugen die jungen Musiker rote Nickypullover und blaue Jeanshosen als Uniform.<\/p>\n<p><a href=\"http:\/\/musikverein-ahaus.de\/wp-content\/uploads\/2012\/05\/Bild2-1976.jpg\"><img loading=\"lazy\" decoding=\"async\" class=\"alignleft size-gallery-thumb wp-image-218\" title=\"Bild2-1976\" src=\"http:\/\/musikverein-ahaus.de\/wp-content\/uploads\/2012\/05\/Bild2-1976-230x173.jpg\" alt=\"\" width=\"230\" height=\"173\" \/><\/a><a href=\"http:\/\/musikverein-ahaus.de\/wp-content\/uploads\/2012\/05\/Bild3-Stadtfest1976.jpg\"><img loading=\"lazy\" decoding=\"async\" class=\"alignleft size-gallery-thumb wp-image-219\" title=\"Bild3-Stadtfest1976\" src=\"http:\/\/musikverein-ahaus.de\/wp-content\/uploads\/2012\/05\/Bild3-Stadtfest1976-230x173.jpg\" alt=\"\" width=\"230\" height=\"173\" \/><\/a><\/p>\n<p><a href=\"http:\/\/musikverein-ahaus.de\/wp-content\/uploads\/2012\/05\/Bild4-1976.jpg\"><img loading=\"lazy\" decoding=\"async\" class=\"alignleft size-gallery-thumb wp-image-220\" title=\"Bild4-1976\" src=\"http:\/\/musikverein-ahaus.de\/wp-content\/uploads\/2012\/05\/Bild4-1976-230x173.jpg\" alt=\"\" width=\"230\" height=\"173\" \/><\/a><\/p>\n<p>Am 18. Februar 1983 \u00fcbergab der damalige musikalische Leiter Jochen Rendler seinem Vertreter Eddy Kleideiter bei der Jahreshauptversammlung das gesamte Orchester mit allen Gruppen. Den Akkordeonkreis \u00fcbernahm Birgit L\u00f6sbrock. Ein Jahr sp\u00e4ter \u00fcbernahm Achim Pradel die Leitung der Big Band des Orchesters. Zu dieser Zeit wurden blaue Nickys mit grauen Cordhosen als Uniform getragen.<\/p>\n<div id=\"attachment_222\" style=\"width: 240px\" class=\"wp-caption alignleft\"><a href=\"http:\/\/musikverein-ahaus.de\/wp-content\/uploads\/2012\/05\/Bild6-1983.jpg\"><img loading=\"lazy\" decoding=\"async\" aria-describedby=\"caption-attachment-222\" class=\"size-gallery-thumb wp-image-222\" title=\"Bild6-1983\" src=\"http:\/\/musikverein-ahaus.de\/wp-content\/uploads\/2012\/05\/Bild6-1983-230x173.jpg\" alt=\"Auch im Wasser noch spielf\u00e4hig!! .Ferienfreizeit in Nieheim 1983\" width=\"230\" height=\"173\" \/><\/a><p id=\"caption-attachment-222\" class=\"wp-caption-text\">Auch im Wasser noch spielf\u00e4hig!! .Ferienfreizeit in Nieheim 1983<\/p><\/div>\n<div id=\"attachment_223\" style=\"width: 240px\" class=\"wp-caption alignleft\"><a href=\"http:\/\/musikverein-ahaus.de\/wp-content\/uploads\/2012\/05\/Bild7-Stadk100Jahre-1983.jpg\"><img loading=\"lazy\" decoding=\"async\" aria-describedby=\"caption-attachment-223\" class=\"size-gallery-thumb wp-image-223\" title=\"Bild7-Stadk100Jahre-1983\" src=\"http:\/\/musikverein-ahaus.de\/wp-content\/uploads\/2012\/05\/Bild7-Stadk100Jahre-1983-230x173.jpg\" alt=\"Umzug 1983 zum 100j\u00e4hrigen Bestehen der St\u00e4dt. Kapelle Ahaus\" width=\"230\" height=\"173\" \/><\/a><p id=\"caption-attachment-223\" class=\"wp-caption-text\">Umzug 1983 zum 100j\u00e4hrigen Bestehen der St\u00e4dt. Kapelle Ahaus<\/p><\/div>\n<div id=\"attachment_221\" style=\"width: 240px\" class=\"wp-caption alignleft\"><a href=\"http:\/\/musikverein-ahaus.de\/wp-content\/uploads\/2012\/05\/Bild5-Karneval1983.jpg\"><img loading=\"lazy\" decoding=\"async\" aria-describedby=\"caption-attachment-221\" class=\"size-gallery-thumb wp-image-221\" title=\"Karneval in W\u00fcllen 1983\" src=\"http:\/\/musikverein-ahaus.de\/wp-content\/uploads\/2012\/05\/Bild5-Karneval1983-230x173.jpg\" alt=\"Karneval in W\u00fcllen 1983\" width=\"230\" height=\"173\" \/><\/a><p id=\"caption-attachment-221\" class=\"wp-caption-text\">Karneval in W\u00fcllen 1983<\/p><\/div>\n<p>Zum 10j\u00e4hrigen Bestehen des Vereins gl\u00e4nzten die Musiker 1985 zum ersten Mal in ihrer neuen Uniform.<\/p>\n<div id=\"attachment_224\" style=\"width: 240px\" class=\"wp-caption alignleft\"><a href=\"http:\/\/musikverein-ahaus.de\/wp-content\/uploads\/2012\/05\/Bild8-10JahreJBO-1985.jpg\"><img loading=\"lazy\" decoding=\"async\" aria-describedby=\"caption-attachment-224\" class=\"size-gallery-thumb wp-image-224 \" title=\"Jugendblasorchester 1985\" src=\"http:\/\/musikverein-ahaus.de\/wp-content\/uploads\/2012\/05\/Bild8-10JahreJBO-1985-230x173.jpg\" alt=\"Jugendblasorchester 1985\" width=\"230\" height=\"173\" \/><\/a><p id=\"caption-attachment-224\" class=\"wp-caption-text\">Jugendblasorchester 1985<\/p><\/div>\n<p>Ebenfalls bildete das Jugendblasorchester mit einem Auswahlkreis den Posaunenchor der evangelischen Kirchengemeinde, der seit dem Umzug von Pastor Gerlach in eine Leistungsstufe umfunktioniert wurde. Eine kleine Gruppe von Bl\u00e4sern, die neben sakraler Kirchenmusik auch volkst\u00fcmliche und moderne Songs einstudiert. Zur Weihnachtszeit ist diese Gruppe in Kirchen und auf Weihnachtsm\u00e4rkten sehr aktiv.<br \/>\n1986 wurde erstmals ein gemeinschaftliches Weihnachtskonzert mit der St\u00e4dt. Kapelle in der Ahauser Stadthalle durchgef\u00fchrt.<\/p>\n<div id=\"attachment_225\" style=\"width: 240px\" class=\"wp-caption alignleft\"><a href=\"http:\/\/musikverein-ahaus.de\/wp-content\/uploads\/2012\/05\/Bild9-mitstk-1986.jpg\"><img loading=\"lazy\" decoding=\"async\" aria-describedby=\"caption-attachment-225\" class=\" wp-image-225 \" title=\"Weihnachtskonzert 1986 mit der St\u00e4dt. Kapelle Ahaus\" src=\"http:\/\/musikverein-ahaus.de\/wp-content\/uploads\/2012\/05\/Bild9-mitstk-1986-230x173.jpg\" alt=\"Weihnachtskonzert 1986 mit der St\u00e4dt. Kapelle Ahaus\" width=\"230\" height=\"173\" \/><\/a><p id=\"caption-attachment-225\" class=\"wp-caption-text\">Weihnachtskonzert 1986 mit der St\u00e4dt. Kapelle Ahaus<\/p><\/div>\n<p>Seit 1990 ist der musizierende Elefant das Maskottchen des Vereins. Hiervon wurden bereits einige tausend Aufkleber in Umlauf gebracht.<\/p>\n<div id=\"attachment_216\" style=\"width: 240px\" class=\"wp-caption alignleft\"><a href=\"http:\/\/musikverein-ahaus.de\/wp-content\/uploads\/2012\/05\/1990Jumbo.jpg\"><img loading=\"lazy\" decoding=\"async\" aria-describedby=\"caption-attachment-216\" class=\"size-gallery-thumb wp-image-216\" title=\"Jubil\u00e4umskonzert 1990 in der Ahauser Stadthalle\" src=\"http:\/\/musikverein-ahaus.de\/wp-content\/uploads\/2012\/05\/1990Jumbo-230x173.jpg\" alt=\"Jubil\u00e4umskonzert 1990 in der Ahauser Stadthalle\" width=\"230\" height=\"173\" \/><\/a><p id=\"caption-attachment-216\" class=\"wp-caption-text\">Jubil\u00e4umskonzert 1990 in der Ahauser Stadthalle<\/p><\/div>\n<div id=\"attachment_227\" style=\"width: 240px\" class=\"wp-caption alignleft\"><a href=\"http:\/\/musikverein-ahaus.de\/wp-content\/uploads\/2012\/05\/Bild13-JBO2000.jpg\"><img loading=\"lazy\" decoding=\"async\" aria-describedby=\"caption-attachment-227\" class=\"size-gallery-thumb wp-image-227\" title=\"25 Jahre Jugendblasorchester Ahaus\" src=\"http:\/\/musikverein-ahaus.de\/wp-content\/uploads\/2012\/05\/Bild13-JBO2000-230x173.jpg\" alt=\"25 Jahre Jugendblasorchester Ahaus\" width=\"230\" height=\"173\" \/><\/a><p id=\"caption-attachment-227\" class=\"wp-caption-text\">25 Jahre Jugendblasorchester Ahaus<\/p><\/div>\n<div id=\"attachment_226\" style=\"width: 240px\" class=\"wp-caption alignleft\"><a href=\"http:\/\/musikverein-ahaus.de\/wp-content\/uploads\/2012\/05\/Bild11-Jub-1995.jpg\"><img loading=\"lazy\" decoding=\"async\" aria-describedby=\"caption-attachment-226\" class=\"size-gallery-thumb wp-image-226\" title=\"Jugendblasorchester Ahaus beim Jubil\u00e4umskonzert 1995\" src=\"http:\/\/musikverein-ahaus.de\/wp-content\/uploads\/2012\/05\/Bild11-Jub-1995-230x173.jpg\" alt=\"Jugendblasorchester Ahaus beim Jubil\u00e4umskonzert 1995\" width=\"230\" height=\"173\" \/><\/a><p id=\"caption-attachment-226\" class=\"wp-caption-text\">Jugendblasorchester Ahaus beim Jubil\u00e4umskonzert 1995<\/p><\/div>\n<p>Neben unz\u00e4hligen Auftritten wie z.B. auf Konzerten, Sch\u00fctzenfesten oder Karnevalsveranstaltungen gab es auch einige besondere Highlights. Hierzu geh\u00f6rten sicherlich 1981 die Aufnahmen f\u00fcr die Langspielplatte &#8222;KLINGENDE GR\u00dcSSE AUS AHAUS&#8220;, ein Radioauftritt im WDR 1986 sowie 1997 und 1998 die Rosenmontagsumz\u00fcge in D\u00fcsseldorf.<\/p>\n<div id=\"attachment_241\" style=\"width: 240px\" class=\"wp-caption alignleft\"><a href=\"http:\/\/musikverein-ahaus.de\/wp-content\/uploads\/2012\/05\/Rosenmontagsumzug-in-Duesseldorf-1998.jpeg\"><img loading=\"lazy\" decoding=\"async\" aria-describedby=\"caption-attachment-241\" class=\"size-gallery-thumb wp-image-241\" title=\"Rosenmontagsumzug in D\u00fcsseldorf 1998\" src=\"http:\/\/musikverein-ahaus.de\/wp-content\/uploads\/2012\/05\/Rosenmontagsumzug-in-Duesseldorf-1998-230x173.jpg\" alt=\"Rosenmontagsumzug in D\u00fcsseldorf 1998\" width=\"230\" height=\"173\" \/><\/a><p id=\"caption-attachment-241\" class=\"wp-caption-text\">Rosenmontagsumzug in D\u00fcsseldorf 1998<\/p><\/div>\n<p>Der Stadt Ahaus blieb nicht verborgen, dass hier ein Verein heranw\u00e4chst, den es zu unterst\u00fctzen gilt. Im Zuge dessen wurden dem Jugendblasorchester R\u00e4umlichkeiten zur Verf\u00fcgung gestellt, die in Eigenleistung mit Akustikdecke, Podesten und Teppichen hergerichtet und im Jahr 1996 als erster eigener Proberaum eingeweiht werden konnten.<\/p>\n<p>Im Jahr 2005 hat das Jugendblasorchester sein 30 j\u00e4hriges Bestehen gefeiert! Auch aufgrund der Tatsache, dass ein Gro\u00dfteil der aktiven Musikerinnen und Musiker dem schulpflichtigen Alter entwachsen sind, hat sich das JBO einen neuen Namen gegeben. Seit dem Jahr 2005 sind wir der Musikverein Ahaus 1975 e.V.!<\/p>\n<p>Nach Beginn des Ganztagsunterrichts und des dadurch ge\u00e4nderten Raumkonzeptes in der Hauptschule erhielt der Musikverein im Jahr 2009 im sogenannten Hochkeller (ehemaliger Werkraum der Schule) die M\u00f6glichkeit, sich nochmal r\u00e4umlich zu verbessern. Diesbez\u00fcglich m\u00f6chten wir uns ganz besonders bei der Stadt Ahaus,\u00a0unseren Mitgliedern und Sponsoren\u00a0bedanken, die dies m\u00f6glich gemacht haben!<\/p>\n<p>Nicht nur r\u00e4umlich unterliegt auch unser Vereinsleben einem stetigen Wandel. W\u00e4hrend zun\u00e4chst meist im zweij\u00e4hrigen Rhythmus ein Sommer-Ferienlager stattfand (mehrere Jahre Nieheim, Oberelspe, Kirchveischede, Meschede etc.), wird im Verein nun alle zwei Jahre eine St\u00e4dtefahrt angeboten. Ziele waren bisher unter anderem: Paris, London, New York,\u00a0Berlin, Prag, Norditalien (Venedig, Florenz, Ravenna, San Marino), Bratislava\/Wien\/Budapest, Kroatien, Westk\u00fcste der USA (Los Angeles-San Francisco),\u00a0Barcelona, S\u00fcdafrika, Dresden (2015: China)&#8230;<\/p>\n<p>Neben den Reisen wurden\/werden die unterschiedlichsten Aktivit\u00e4ten angeboten und Events veranstaltet. In den ersten Jahren z.B. Karnevalsfeiern, sp\u00e4ter: Maig\u00e4nge, Bosseln, Fahrten zu Freizeitparks, Musicals und Bundesligaspielen.<\/p>\n<p>Die Ausbildung des musikalischen Nachwuchses wurde im Verlauf der Jahre immer professioneller und damit einhergehend auch kostspieliger. W\u00e4hrend in den Anfangsjahren nur &#8222;eigene Leute&#8220;\u00a0die Ausbildung \u00fcbernommen haben, wurde\u00a0nach\u00a0Einrichtung eines F\u00f6rdervereins zun\u00e4chst einige Jahre eine hauptamtliche Fachkraft eingestellt. Danach wurde f\u00fcr\u00a0jede Instrumentengruppe eine Fachkraft auf Honorarbasis angestellt.<\/p>\n<p>Das Weihnachtskonzert ist mittlerweile der traditionelle H\u00f6hepunkt und Jahresabschluss. Neben einem nicht weihnachtlichen ersten Konzertteil (von ABBA bis Phil Collins), sind nach der Pause internationale und nationale Weihnachtslieder wesentlicher Bestandteil des Programms. Bekannt wurde der Musikverein Ahaus neben seiner musikalischen Pr\u00e4senz u.a. nicht zuletzt f\u00fcr seine aufwendigen B\u00fchnendekorationen bei den Weihnachtskonzerten. Das ist jedoch auch Geschichte, da eine B\u00fchnendekoration wie in der Vergangenheit, in der neuen Stadthalle (Kulturquatrat) nicht mehr m\u00f6glich ist.<\/p>\n<p>Unsere Dirigenten seit 1975:<\/p>\n<p>&#8211; Jochen Rendler<\/p>\n<p>&#8211; Eduard Kleideiter<\/p>\n<p>&#8211; Achim Pradel (&#8222;immer mal wieder&#8220;)<\/p>\n<p>&#8211; Thorsten Fritsch<\/p>\n<p>&#8211; Burkhard Helmer<\/p>\n<p>&#8211; Markus Rupe<\/p>\n<p>&#8211; Markus Wellermann gemeinsam mit Thorsten Kleideiter<\/p>\n<p>&#8211; Julian Teltenk\u00f6tter<\/p>\n<p>&#8211; aktuell leitet Markus Rupe den Musikverein Ahaus 1975 e.V.<\/p>\n<p>Aktuell hat der Musikverein Ahaus ca. 110 Mitglieder. Im Orchester sind 45 Musikerinnen und Musiker aktiv.<\/p>\n<p>Unsere Vorsitzenden seit 1975:<\/p>\n<p>&#8211; Martin Blommel<\/p>\n<p>&#8211; Walter Homann<\/p>\n<p>&#8211; Peter L\u00fcbbering<\/p>\n<p>&#8211; Eddy Kleideiter<\/p>\n<p>&#8211; Thomas Wiegering<\/p>\n<p>&#8211; Thomas Kemmer (aktuell)<\/p>\n","protected":false},"excerpt":{"rendered":"<p>Am 2. September 1975 wagten zwei Lehrer der damaligen Gemeinschaftshauptschule Ahaus den Schritt, ein Schulorchester zu gr\u00fcnden. Da man im kommenden Jahr bereits am Rosenmontagsumzug in W\u00fcllen teilnehmen wollte, machte der damalige Rektor der Gemeinschaftshauptschule, Karl Fischer, den Vorschlag, aus dem Schulorchester einen eingetragenen Verein zu machen. Die Gr\u00fcndungsversammlung fand am 29.01.1976 in der Gastst\u00e4tte<a href=\"https:\/\/www.musikverein-ahaus.de\/de_de\/uber-uns\/\" class=\"read-more\">&nbsp; Continue Reading &raquo;<\/a><\/p>\n","protected":false},"author":7,"featured_media":0,"parent":0,"menu_order":2,"comment_status":"closed","ping_status":"closed","template":"","meta":{"footnotes":""},"class_list":["post-7","page","type-page","status-publish","hentry"],"_links":{"self":[{"href":"https:\/\/www.musikverein-ahaus.de\/de_de\/wp-json\/wp\/v2\/pages\/7","targetHints":{"allow":["GET"]}}],"collection":[{"href":"https:\/\/www.musikverein-ahaus.de\/de_de\/wp-json\/wp\/v2\/pages"}],"about":[{"href":"https:\/\/www.musikverein-ahaus.de\/de_de\/wp-json\/wp\/v2\/types\/page"}],"author":[{"embeddable":true,"href":"https:\/\/www.musikverein-ahaus.de\/de_de\/wp-json\/wp\/v2\/users\/7"}],"replies":[{"embeddable":true,"href":"https:\/\/www.musikverein-ahaus.de\/de_de\/wp-json\/wp\/v2\/comments?post=7"}],"version-history":[{"count":25,"href":"https:\/\/www.musikverein-ahaus.de\/de_de\/wp-json\/wp\/v2\/pages\/7\/revisions"}],"predecessor-version":[{"id":6040,"href":"https:\/\/www.musikverein-ahaus.de\/de_de\/wp-json\/wp\/v2\/pages\/7\/revisions\/6040"}],"wp:attachment":[{"href":"https:\/\/www.musikverein-ahaus.de\/de_de\/wp-json\/wp\/v2\/media?parent=7"}],"curies":[{"name":"wp","href":"https:\/\/api.w.org\/{rel}","templated":true}]}}